{"id":502,"date":"2019-05-10T16:21:41","date_gmt":"2019-05-10T14:21:41","guid":{"rendered":"https:\/\/www.foretadrenaline.com\/carnac\/?page_id=502"},"modified":"2026-04-23T11:25:53","modified_gmt":"2026-04-23T09:25:53","slug":"opening-hours","status":"publish","type":"page","link":"https:\/\/www.foretadrenaline.com\/carnac\/en\/opening-hours\/","title":{"rendered":"Opening Calendar"},"content":{"rendered":"\n<h1 class=\"wp-block-heading has-text-align-center\">2026 Calendar<\/h1>\n\n\n\n<p class=\"has-text-align-left has-black-color has-text-color\">Discover below our <strong>2026 opening calendar<\/strong>, along with more details about <strong>opening hours, opening periods, special days, and events<\/strong>.<\/p>\n\n\n\n<p class=\"has-text-align-left has-black-color has-text-color\">Opening hours may be modified in case of unfavorable weather conditions. This information will be communicated on the <strong>homepage of our website<\/strong> and on <strong>our social media<\/strong>. We will also contact everyone who has made a reservation to inform them of any possible changes. In case of <strong>high attendance<\/strong>, we may open additional starting times at the end of the day and keep the park open later.<\/p>\n\n\n\n<p class=\"has-text-align-center has-red-color has-text-color has-link-color wp-elements-56a97674e248d588c1add005c37fe02a\"><\/p>\n\n\n\n<figure class=\"wp-block-image size-full\"><img loading=\"lazy\" decoding=\"async\" width=\"2000\" height=\"1414\" src=\"https:\/\/www.foretadrenaline.com\/carnac\/wp-content\/uploads\/sites\/2\/2026\/04\/CARNAC-PARC-2026-2.png\" alt=\"\" class=\"wp-image-9766\" srcset=\"https:\/\/www.foretadrenaline.com\/carnac\/wp-content\/uploads\/sites\/2\/2026\/04\/CARNAC-PARC-2026-2.png 2000w, https:\/\/www.foretadrenaline.com\/carnac\/wp-content\/uploads\/sites\/2\/2026\/04\/CARNAC-PARC-2026-2-300x212.png 300w, https:\/\/www.foretadrenaline.com\/carnac\/wp-content\/uploads\/sites\/2\/2026\/04\/CARNAC-PARC-2026-2-1024x724.png 1024w, https:\/\/www.foretadrenaline.com\/carnac\/wp-content\/uploads\/sites\/2\/2026\/04\/CARNAC-PARC-2026-2-768x543.png 768w, https:\/\/www.foretadrenaline.com\/carnac\/wp-content\/uploads\/sites\/2\/2026\/04\/CARNAC-PARC-2026-2-1536x1086.png 1536w, https:\/\/www.foretadrenaline.com\/carnac\/wp-content\/uploads\/sites\/2\/2026\/04\/CARNAC-PARC-2026-2-1200x848.png 1200w\" sizes=\"auto, (max-width: 2000px) 100vw, 2000px\" \/><\/figure>\n\n\n\n<h2 class=\"wp-block-heading has-text-align-center\">Detailed Calendar<\/h2>\n\n\n\n<h3 class=\"wp-block-heading has-text-align-center\">Outside School Holidays (from Easter to All Saints\u2019 Day)<\/h3>\n\n\n\n<p>The <strong>For\u00eat Adr\u00e9naline park in Carnac<\/strong> is open <strong>on Wednesdays, weekends, and public holidays from 1:30 PM to 7:00 PM<\/strong>.<br><strong>Exception:<\/strong> On weekends in June, the park opens <strong>from 9:30 AM<\/strong>.<\/p>\n\n\n\n<p>The park will be open <strong>throughout the Ascension weekend<\/strong>, from <strong>Wednesday May 13 to Sunday May 17 inclusive<\/strong>.<\/p>\n\n\n\n<p>On <strong>Wednesdays October 7 and 14<\/strong>, the park will be <strong>open for groups only upon request<\/strong>.<\/p>\n\n\n\n<p class=\"has-orange-color has-text-color has-link-color wp-elements-6cdaa79a27599b8c6508b77b98ee2ef2\">\ud83c\udf89 <strong>Don\u2019t miss the \u201cnight sessions\u201d<\/strong> (treetop adventure at sunset \/ night sessions) <strong>from 8:00 PM to 10:30 PM on June 20 and June 27<\/strong>. \ud83c\udf89<\/p>\n\n\n\n<h3 class=\"wp-block-heading has-text-align-center\">During the Easter Holidays<\/h3>\n\n\n\n<p>The <strong>For\u00eat Adr\u00e9naline park<\/strong> is open <strong>every afternoon from 1:30 PM to 7:00 PM during the school holidays for zones B and C<\/strong>.<\/p>\n\n\n\n<p class=\"has-orange-color has-text-color has-link-color wp-elements-7489b32ed994e3958542a07185ba9ca4\">\ud83c\udf89 <strong>Don\u2019t miss the Easter egg hunt on April 5 and 6 and the Leisure Day on April 12.<\/strong> \ud83c\udf89<\/p>\n\n\n\n<h3 class=\"wp-block-heading has-text-align-center\">During the All Saints\u2019 Holidays<\/h3>\n\n\n\n<p>The <strong>For\u00eat Adr\u00e9naline park<\/strong> is open <strong>every afternoon from 1:30 PM to 6:30 PM during the holidays<\/strong>.<\/p>\n\n\n\n<p><strong>Exception:<\/strong> From <strong>Sunday October 25<\/strong>, the park will be open <strong>from 1:00 PM to 6:00 PM<\/strong>.<\/p>\n\n\n\n<p class=\"has-orange-color has-text-color has-link-color wp-elements-1c41768c3fa71ae04a2c52681b5ab9be\">\ud83c\udf89 During this period, <strong>don\u2019t miss the Halloween afternoons for children on October 30 and 31<\/strong>, as well as the <strong>terrifying night sessions from 5:30 PM to 9:00 PM on October 23, 24, 29, 30, and 31<\/strong>. \ud83c\udf89<\/p>\n\n\n\n<h3 class=\"wp-block-heading has-text-align-center\">During the Summer Holidays (July &amp; August)<\/h3>\n\n\n\n<p>The <strong>For\u00eat Adr\u00e9naline park in Carnac<\/strong> is open <strong>all day from Wednesday July 1 to Sunday August 23 from 9:30 AM to 7:00 PM<\/strong>. Then, <strong>from Monday August 24 to Friday August 28, from 10:00 AM to 7:00 PM<\/strong>. Finally, <strong>from Saturday August 29 to Monday August 31, the park is open in the afternoon only, from 1:30 PM to 7:00 PM<\/strong>.<\/p>\n\n\n\n<p class=\"has-orange-color has-text-color has-link-color wp-elements-7f162c0fb0c1840f11d9789e790a218c\">\ud83c\udf89 <strong>Don\u2019t miss:<\/strong><\/p>\n\n\n\n<ul class=\"wp-block-list\">\n<li class=\"has-orange-color has-text-color has-link-color wp-elements-0c27fcfd0fb89e96b81421e9236c6b2f\">the <strong>Accro\u2019Couchants<\/strong> (sunset \/ night treetop adventure sessions) <strong>from 8:00 PM to 10:30 PM on July 1, 9, 18, and 23 and on August 6, 13, and 20<\/strong><\/li>\n\n\n\n<li class=\"has-orange-color has-text-color has-link-color wp-elements-f683843a25e9762bc9fada194d27d1ac\">the <strong>concerts on July 11 and August 15 from 7:30 PM<\/strong>, with music, drinks, and a food truck \ud83c\udf89<\/li>\n<\/ul>\n\n\n\n<h3 class=\"wp-block-heading\">Exceptions<\/h3>\n\n\n\n<p>For <strong>groups<\/strong> (minimum <strong>15 adults or 20 children<\/strong>), the park is open <strong>throughout the season (from late March to early November), every day and all day long<\/strong>, <strong>by reservation only<\/strong>, at least <strong>15 days in advance on days when the park is closed to the public<\/strong>.<\/p>\n\n\n\n<p class=\"has-text-align-center\">\ud83c\udf89 <strong>Special days \u2013 not to be missed!<\/strong> \ud83c\udf89<\/p>\n\n\n\n<div class=\"wp-block-buttons is-content-justification-center is-layout-flex wp-container-core-buttons-is-layout-16018d1d wp-block-buttons-is-layout-flex\">\n<div class=\"wp-block-button\"><a class=\"wp-block-button__link wp-element-button\" href=\"https:\/\/www.foretadrenaline.com\/carnac\/en\/2026-events\/\" target=\"_blank\" rel=\"noreferrer noopener\">I discover the 2026 events<\/a><\/div>\n<\/div>\n\n\n\n<h2 class=\"wp-block-heading has-text-align-center has-luminous-vivid-orange-color has-text-color has-link-color wp-elements-d51152145fd8a0f5c8396d0a5847976a\">Booking is strongly recommended. To check the <strong>exact departure times<\/strong>, please visit our booking page.<\/h2>\n\n\n\n<div class=\"wp-block-buttons is-horizontal is-content-justification-center is-layout-flex wp-container-core-buttons-is-layout-499968f5 wp-block-buttons-is-layout-flex\">\n<div class=\"wp-block-button is-style-fill\"><a class=\"wp-block-button__link has-luminous-vivid-orange-background-color has-background wp-element-button\" href=\"https:\/\/www.foretadrenaline.com\/carnac\/en\/booking\/\" target=\"_blank\" rel=\"noreferrer noopener\"><strong>Book Online<\/strong><\/a><\/div>\n<\/div>\n\n\n\n<h2 class=\"wp-block-heading has-text-align-center has-vivid-red-color has-text-color has-link-color wp-elements-326cce07a7bb40d872ffb1065d2787dd\">To know the departure times<\/h2>\n\n\n\n<figure class=\"wp-block-image size-large\"><img loading=\"lazy\" decoding=\"async\" width=\"1024\" height=\"512\" src=\"https:\/\/www.foretadrenaline.com\/carnac\/wp-content\/uploads\/sites\/2\/2023\/01\/attendance-peak-1024x512.png\" alt=\"Attendance during Opening Hours\" class=\"wp-image-5389\" srcset=\"https:\/\/www.foretadrenaline.com\/carnac\/wp-content\/uploads\/sites\/2\/2023\/01\/attendance-peak-1024x512.png 1024w, https:\/\/www.foretadrenaline.com\/carnac\/wp-content\/uploads\/sites\/2\/2023\/01\/attendance-peak-300x150.png 300w, https:\/\/www.foretadrenaline.com\/carnac\/wp-content\/uploads\/sites\/2\/2023\/01\/attendance-peak-768x384.png 768w, https:\/\/www.foretadrenaline.com\/carnac\/wp-content\/uploads\/sites\/2\/2023\/01\/attendance-peak-1536x768.png 1536w, https:\/\/www.foretadrenaline.com\/carnac\/wp-content\/uploads\/sites\/2\/2023\/01\/attendance-peak.png 2048w, https:\/\/www.foretadrenaline.com\/carnac\/wp-content\/uploads\/sites\/2\/2023\/01\/attendance-peak-1200x600.png 1200w\" sizes=\"auto, (max-width: 1024px) 100vw, 1024px\" \/><\/figure>\n\n\n\n<figure class=\"wp-block-image size-large\"><img loading=\"lazy\" decoding=\"async\" width=\"2048\" height=\"1024\" src=\"https:\/\/www.foretadrenaline.com\/carnac\/wp-content\/uploads\/sites\/2\/2023\/01\/2-1024x512.png\" alt=\"Attendance during Opening Hours\" class=\"wp-image-5360\" srcset=\"https:\/\/www.foretadrenaline.com\/carnac\/wp-content\/uploads\/sites\/2\/2023\/01\/2-1024x512.png 1024w, https:\/\/www.foretadrenaline.com\/carnac\/wp-content\/uploads\/sites\/2\/2023\/01\/2-300x150.png 300w, https:\/\/www.foretadrenaline.com\/carnac\/wp-content\/uploads\/sites\/2\/2023\/01\/2-768x384.png 768w, https:\/\/www.foretadrenaline.com\/carnac\/wp-content\/uploads\/sites\/2\/2023\/01\/2-1536x768.png 1536w, https:\/\/www.foretadrenaline.com\/carnac\/wp-content\/uploads\/sites\/2\/2023\/01\/2.png 2048w, https:\/\/www.foretadrenaline.com\/carnac\/wp-content\/uploads\/sites\/2\/2023\/01\/2-1200x600.png 1200w\" sizes=\"auto, (max-width: 2048px) 100vw, 2048px\" \/><\/figure>\n","protected":false},"excerpt":{"rendered":"<p>2026 Calendar Discover below our 2026 opening calendar, along with more details about opening hours, opening periods, special days, and events. Opening hours may be modified in case of unfavorable weather conditions. This information will be communicated on the homepage of our website and on our social media. We will also contact everyone who has&hellip;<\/p>\n","protected":false},"author":1,"featured_media":6870,"parent":0,"menu_order":0,"comment_status":"closed","ping_status":"closed","template":"","meta":{"_acf_changed":false,"footnotes":""},"class_list":["post-502","page","type-page","status-publish","has-post-thumbnail","hentry"],"acf":[],"yoast_head":"<!-- This site is optimized with the Yoast SEO plugin v27.5 - https:\/\/yoast.com\/product\/yoast-seo-wordpress\/ -->\n<title>Opening Calendar - For\u00eat Adr\u00e9naline - Carnac<\/title>\n<meta name=\"description\" content=\"Opening days and hours: The For\u00eat Adr\u00e9naline park is open from Easter to All Saints. Book online to know the departures times.\" \/>\n<meta name=\"robots\" content=\"index, follow, max-snippet:-1, max-image-preview:large, max-video-preview:-1\" \/>\n<link rel=\"canonical\" href=\"https:\/\/www.foretadrenaline.com\/carnac\/en\/opening-hours\/\" \/>\n<meta property=\"og:locale\" content=\"en_US\" \/>\n<meta property=\"og:type\" content=\"article\" \/>\n<meta property=\"og:title\" content=\"Opening Calendar - For\u00eat Adr\u00e9naline - Carnac\" \/>\n<meta property=\"og:description\" content=\"Opening days and hours: The For\u00eat Adr\u00e9naline park is open from Easter to All Saints. Book online to know the departures times.\" \/>\n<meta property=\"og:url\" content=\"https:\/\/www.foretadrenaline.com\/carnac\/en\/opening-hours\/\" \/>\n<meta property=\"og:site_name\" content=\"For\u00eat Adr\u00e9naline - Carnac\" \/>\n<meta property=\"article:publisher\" content=\"https:\/\/www.facebook.com\/foretadrenaline.carnac\/\" \/>\n<meta property=\"article:modified_time\" content=\"2026-04-23T09:25:53+00:00\" \/>\n<meta property=\"og:image\" content=\"https:\/\/www.foretadrenaline.com\/carnac\/wp-content\/uploads\/sites\/2\/2024\/02\/studio4k-2-scaled.jpg\" \/>\n\t<meta property=\"og:image:width\" content=\"2048\" \/>\n\t<meta property=\"og:image:height\" content=\"1365\" \/>\n\t<meta property=\"og:image:type\" content=\"image\/jpeg\" \/>\n<meta name=\"twitter:card\" content=\"summary_large_image\" \/>\n<meta name=\"twitter:label1\" content=\"Est. reading time\" \/>\n\t<meta name=\"twitter:data1\" content=\"4 minutes\" \/>\n<script type=\"application\/ld+json\" class=\"yoast-schema-graph\">{\"@context\":\"https:\\\/\\\/schema.org\",\"@graph\":[{\"@type\":\"WebPage\",\"@id\":\"https:\\\/\\\/www.foretadrenaline.com\\\/carnac\\\/en\\\/opening-hours\\\/\",\"url\":\"https:\\\/\\\/www.foretadrenaline.com\\\/carnac\\\/en\\\/opening-hours\\\/\",\"name\":\"Opening Calendar - For\u00eat Adr\u00e9naline - Carnac\",\"isPartOf\":{\"@id\":\"https:\\\/\\\/www.foretadrenaline.com\\\/carnac\\\/en\\\/#website\"},\"primaryImageOfPage\":{\"@id\":\"https:\\\/\\\/www.foretadrenaline.com\\\/carnac\\\/en\\\/opening-hours\\\/#primaryimage\"},\"image\":{\"@id\":\"https:\\\/\\\/www.foretadrenaline.com\\\/carnac\\\/en\\\/opening-hours\\\/#primaryimage\"},\"thumbnailUrl\":\"https:\\\/\\\/www.foretadrenaline.com\\\/carnac\\\/wp-content\\\/uploads\\\/sites\\\/2\\\/2024\\\/02\\\/studio4k-2-scaled.jpg\",\"datePublished\":\"2019-05-10T14:21:41+00:00\",\"dateModified\":\"2026-04-23T09:25:53+00:00\",\"description\":\"Opening days and hours: The For\u00eat Adr\u00e9naline park is open from Easter to All Saints. Book online to know the departures times.\",\"breadcrumb\":{\"@id\":\"https:\\\/\\\/www.foretadrenaline.com\\\/carnac\\\/en\\\/opening-hours\\\/#breadcrumb\"},\"inLanguage\":\"en-US\",\"potentialAction\":[{\"@type\":\"ReadAction\",\"target\":[\"https:\\\/\\\/www.foretadrenaline.com\\\/carnac\\\/en\\\/opening-hours\\\/\"]}]},{\"@type\":\"ImageObject\",\"inLanguage\":\"en-US\",\"@id\":\"https:\\\/\\\/www.foretadrenaline.com\\\/carnac\\\/en\\\/opening-hours\\\/#primaryimage\",\"url\":\"https:\\\/\\\/www.foretadrenaline.com\\\/carnac\\\/wp-content\\\/uploads\\\/sites\\\/2\\\/2024\\\/02\\\/studio4k-2-scaled.jpg\",\"contentUrl\":\"https:\\\/\\\/www.foretadrenaline.com\\\/carnac\\\/wp-content\\\/uploads\\\/sites\\\/2\\\/2024\\\/02\\\/studio4k-2-scaled.jpg\",\"width\":2048,\"height\":1365},{\"@type\":\"BreadcrumbList\",\"@id\":\"https:\\\/\\\/www.foretadrenaline.com\\\/carnac\\\/en\\\/opening-hours\\\/#breadcrumb\",\"itemListElement\":[{\"@type\":\"ListItem\",\"position\":1,\"name\":\"Accueil\",\"item\":\"https:\\\/\\\/www.foretadrenaline.com\\\/carnac\\\/en\\\/\"},{\"@type\":\"ListItem\",\"position\":2,\"name\":\"Opening Calendar\"}]},{\"@type\":\"WebSite\",\"@id\":\"https:\\\/\\\/www.foretadrenaline.com\\\/carnac\\\/en\\\/#website\",\"url\":\"https:\\\/\\\/www.foretadrenaline.com\\\/carnac\\\/en\\\/\",\"name\":\"For\u00eat Adr\u00e9naline - Carnac\",\"description\":\"Un site utilisant For\u00eat Adr\u00e9naline\",\"publisher\":{\"@id\":\"https:\\\/\\\/www.foretadrenaline.com\\\/carnac\\\/en\\\/#organization\"},\"potentialAction\":[{\"@type\":\"SearchAction\",\"target\":{\"@type\":\"EntryPoint\",\"urlTemplate\":\"https:\\\/\\\/www.foretadrenaline.com\\\/carnac\\\/en\\\/?s={search_term_string}\"},\"query-input\":{\"@type\":\"PropertyValueSpecification\",\"valueRequired\":true,\"valueName\":\"search_term_string\"}}],\"inLanguage\":\"en-US\"},{\"@type\":\"Organization\",\"@id\":\"https:\\\/\\\/www.foretadrenaline.com\\\/carnac\\\/en\\\/#organization\",\"name\":\"For\u00eat Adr\u00e9naline Carnac\",\"url\":\"https:\\\/\\\/www.foretadrenaline.com\\\/carnac\\\/en\\\/\",\"logo\":{\"@type\":\"ImageObject\",\"inLanguage\":\"en-US\",\"@id\":\"https:\\\/\\\/www.foretadrenaline.com\\\/carnac\\\/en\\\/#\\\/schema\\\/logo\\\/image\\\/\",\"url\":\"https:\\\/\\\/www.foretadrenaline.com\\\/carnac\\\/wp-content\\\/uploads\\\/sites\\\/2\\\/2019\\\/04\\\/ForetAdrenalineCarnac.png\",\"contentUrl\":\"https:\\\/\\\/www.foretadrenaline.com\\\/carnac\\\/wp-content\\\/uploads\\\/sites\\\/2\\\/2019\\\/04\\\/ForetAdrenalineCarnac.png\",\"width\":191,\"height\":173,\"caption\":\"For\u00eat Adr\u00e9naline Carnac\"},\"image\":{\"@id\":\"https:\\\/\\\/www.foretadrenaline.com\\\/carnac\\\/en\\\/#\\\/schema\\\/logo\\\/image\\\/\"},\"sameAs\":[\"https:\\\/\\\/www.facebook.com\\\/foretadrenaline.carnac\\\/\",\"https:\\\/\\\/www.instagram.com\\\/foretadrenaline\\\/\"]}]}<\/script>\n<!-- \/ Yoast SEO plugin. -->","yoast_head_json":{"title":"Opening Calendar - For\u00eat Adr\u00e9naline - Carnac","description":"Opening days and hours: The For\u00eat Adr\u00e9naline park is open from Easter to All Saints. Book online to know the departures times.","robots":{"index":"index","follow":"follow","max-snippet":"max-snippet:-1","max-image-preview":"max-image-preview:large","max-video-preview":"max-video-preview:-1"},"canonical":"https:\/\/www.foretadrenaline.com\/carnac\/en\/opening-hours\/","og_locale":"en_US","og_type":"article","og_title":"Opening Calendar - For\u00eat Adr\u00e9naline - Carnac","og_description":"Opening days and hours: The For\u00eat Adr\u00e9naline park is open from Easter to All Saints. Book online to know the departures times.","og_url":"https:\/\/www.foretadrenaline.com\/carnac\/en\/opening-hours\/","og_site_name":"For\u00eat Adr\u00e9naline - Carnac","article_publisher":"https:\/\/www.facebook.com\/foretadrenaline.carnac\/","article_modified_time":"2026-04-23T09:25:53+00:00","og_image":[{"width":2048,"height":1365,"url":"https:\/\/www.foretadrenaline.com\/carnac\/wp-content\/uploads\/sites\/2\/2024\/02\/studio4k-2-scaled.jpg","type":"image\/jpeg"}],"twitter_card":"summary_large_image","twitter_misc":{"Est. reading time":"4 minutes"},"schema":{"@context":"https:\/\/schema.org","@graph":[{"@type":"WebPage","@id":"https:\/\/www.foretadrenaline.com\/carnac\/en\/opening-hours\/","url":"https:\/\/www.foretadrenaline.com\/carnac\/en\/opening-hours\/","name":"Opening Calendar - For\u00eat Adr\u00e9naline - Carnac","isPartOf":{"@id":"https:\/\/www.foretadrenaline.com\/carnac\/en\/#website"},"primaryImageOfPage":{"@id":"https:\/\/www.foretadrenaline.com\/carnac\/en\/opening-hours\/#primaryimage"},"image":{"@id":"https:\/\/www.foretadrenaline.com\/carnac\/en\/opening-hours\/#primaryimage"},"thumbnailUrl":"https:\/\/www.foretadrenaline.com\/carnac\/wp-content\/uploads\/sites\/2\/2024\/02\/studio4k-2-scaled.jpg","datePublished":"2019-05-10T14:21:41+00:00","dateModified":"2026-04-23T09:25:53+00:00","description":"Opening days and hours: The For\u00eat Adr\u00e9naline park is open from Easter to All Saints. Book online to know the departures times.","breadcrumb":{"@id":"https:\/\/www.foretadrenaline.com\/carnac\/en\/opening-hours\/#breadcrumb"},"inLanguage":"en-US","potentialAction":[{"@type":"ReadAction","target":["https:\/\/www.foretadrenaline.com\/carnac\/en\/opening-hours\/"]}]},{"@type":"ImageObject","inLanguage":"en-US","@id":"https:\/\/www.foretadrenaline.com\/carnac\/en\/opening-hours\/#primaryimage","url":"https:\/\/www.foretadrenaline.com\/carnac\/wp-content\/uploads\/sites\/2\/2024\/02\/studio4k-2-scaled.jpg","contentUrl":"https:\/\/www.foretadrenaline.com\/carnac\/wp-content\/uploads\/sites\/2\/2024\/02\/studio4k-2-scaled.jpg","width":2048,"height":1365},{"@type":"BreadcrumbList","@id":"https:\/\/www.foretadrenaline.com\/carnac\/en\/opening-hours\/#breadcrumb","itemListElement":[{"@type":"ListItem","position":1,"name":"Accueil","item":"https:\/\/www.foretadrenaline.com\/carnac\/en\/"},{"@type":"ListItem","position":2,"name":"Opening Calendar"}]},{"@type":"WebSite","@id":"https:\/\/www.foretadrenaline.com\/carnac\/en\/#website","url":"https:\/\/www.foretadrenaline.com\/carnac\/en\/","name":"For\u00eat Adr\u00e9naline - Carnac","description":"Un site utilisant For\u00eat Adr\u00e9naline","publisher":{"@id":"https:\/\/www.foretadrenaline.com\/carnac\/en\/#organization"},"potentialAction":[{"@type":"SearchAction","target":{"@type":"EntryPoint","urlTemplate":"https:\/\/www.foretadrenaline.com\/carnac\/en\/?s={search_term_string}"},"query-input":{"@type":"PropertyValueSpecification","valueRequired":true,"valueName":"search_term_string"}}],"inLanguage":"en-US"},{"@type":"Organization","@id":"https:\/\/www.foretadrenaline.com\/carnac\/en\/#organization","name":"For\u00eat Adr\u00e9naline Carnac","url":"https:\/\/www.foretadrenaline.com\/carnac\/en\/","logo":{"@type":"ImageObject","inLanguage":"en-US","@id":"https:\/\/www.foretadrenaline.com\/carnac\/en\/#\/schema\/logo\/image\/","url":"https:\/\/www.foretadrenaline.com\/carnac\/wp-content\/uploads\/sites\/2\/2019\/04\/ForetAdrenalineCarnac.png","contentUrl":"https:\/\/www.foretadrenaline.com\/carnac\/wp-content\/uploads\/sites\/2\/2019\/04\/ForetAdrenalineCarnac.png","width":191,"height":173,"caption":"For\u00eat Adr\u00e9naline Carnac"},"image":{"@id":"https:\/\/www.foretadrenaline.com\/carnac\/en\/#\/schema\/logo\/image\/"},"sameAs":["https:\/\/www.facebook.com\/foretadrenaline.carnac\/","https:\/\/www.instagram.com\/foretadrenaline\/"]}]}},"_links":{"self":[{"href":"https:\/\/www.foretadrenaline.com\/carnac\/en\/wp-json\/wp\/v2\/pages\/502","targetHints":{"allow":["GET"]}}],"collection":[{"href":"https:\/\/www.foretadrenaline.com\/carnac\/en\/wp-json\/wp\/v2\/pages"}],"about":[{"href":"https:\/\/www.foretadrenaline.com\/carnac\/en\/wp-json\/wp\/v2\/types\/page"}],"author":[{"embeddable":true,"href":"https:\/\/www.foretadrenaline.com\/carnac\/en\/wp-json\/wp\/v2\/users\/1"}],"replies":[{"embeddable":true,"href":"https:\/\/www.foretadrenaline.com\/carnac\/en\/wp-json\/wp\/v2\/comments?post=502"}],"version-history":[{"count":79,"href":"https:\/\/www.foretadrenaline.com\/carnac\/en\/wp-json\/wp\/v2\/pages\/502\/revisions"}],"predecessor-version":[{"id":9768,"href":"https:\/\/www.foretadrenaline.com\/carnac\/en\/wp-json\/wp\/v2\/pages\/502\/revisions\/9768"}],"wp:featuredmedia":[{"embeddable":true,"href":"https:\/\/www.foretadrenaline.com\/carnac\/en\/wp-json\/wp\/v2\/media\/6870"}],"wp:attachment":[{"href":"https:\/\/www.foretadrenaline.com\/carnac\/en\/wp-json\/wp\/v2\/media?parent=502"}],"curies":[{"name":"wp","href":"https:\/\/api.w.org\/{rel}","templated":true}]}}